{"id":926,"date":"2014-12-15T07:40:39","date_gmt":"2014-12-15T07:40:39","guid":{"rendered":"https:\/\/nieuwe-nederlander.nl\/?page_id=926"},"modified":"2020-05-30T13:07:22","modified_gmt":"2020-05-30T13:07:22","slug":"home-default","status":"publish","type":"page","link":"https:\/\/nieuwe-nederlander.nl\/","title":{"rendered":"Home"},"content":{"rendered":"<div class=\"column active-responsive no-sticky\" style=\"width:100%\"><div class=\"column-inner\" style=\"padding-left: 0px; padding-right: 20px;\"><div class=\"clear\"><\/div><div class=\"widget Label slider label feed no-title fix-height none-icon \" id=\"Label1\"><div class=\"widget-content feed-widget-content widget-content-Label1\" id=\"widget-content-Label1\"><div class=\"item slider-item slider-item-0\"><div class=\"slider-item-inner\"><a style=\"height: 400px\" href=\"https:\/\/nieuwe-nederlander.nl\/?p=3524\" class=\"thumbnail item-thumbnail\"><img loading=\"lazy\" decoding=\"async\" width=\"854\" height=\"480\" src=\"\" class=\"attachment-full size-full\" alt=\"Nederland Gaat Morgen Naar de Stembus: Vier Partijen Strijden om het Premierschap \u2013 Turkse Kiezers Kunnen het Evenwicht Veranderen\" title=\"Nederland Gaat Morgen Naar de Stembus: Vier Partijen Strijden om het Premierschap \u2013 Turkse Kiezers Kunnen het Evenwicht Veranderen\" sizes=\"auto, (max-width: 854px) 100vw, 854px\" data-s=\"https:\/\/nieuwe-nederlander.nl\/wp-content\/uploads\/2025\/10\/WhatsApp-Image-2025-10-28-at-06.17.49.jpeg\" data-ss=\"https:\/\/nieuwe-nederlander.nl\/wp-content\/uploads\/2025\/10\/WhatsApp-Image-2025-10-28-at-06.17.49.jpeg 854w, https:\/\/nieuwe-nederlander.nl\/wp-content\/uploads\/2025\/10\/WhatsApp-Image-2025-10-28-at-06.17.49-400x225.jpeg 400w, https:\/\/nieuwe-nederlander.nl\/wp-content\/uploads\/2025\/10\/WhatsApp-Image-2025-10-28-at-06.17.49-650x365.jpeg 650w, https:\/\/nieuwe-nederlander.nl\/wp-content\/uploads\/2025\/10\/WhatsApp-Image-2025-10-28-at-06.17.49-250x141.jpeg 250w, https:\/\/nieuwe-nederlander.nl\/wp-content\/uploads\/2025\/10\/WhatsApp-Image-2025-10-28-at-06.17.49-768x432.jpeg 768w, https:\/\/nieuwe-nederlander.nl\/wp-content\/uploads\/2025\/10\/WhatsApp-Image-2025-10-28-at-06.17.49-150x84.jpeg 150w, https:\/\/nieuwe-nederlander.nl\/wp-content\/uploads\/2025\/10\/WhatsApp-Image-2025-10-28-at-06.17.49-800x450.jpeg 800w\" \/><\/a><div class=\"slider-item-content\"><div class=\"meta-items\"><a href=\"https:\/\/nieuwe-nederlander.nl\/?author=2\" target=\"_blank\" class=\"meta-item meta-item-author\"><i class=\"fa fa-pencil-square-o\"><\/i> <span>Nieuwe-Nederlander<\/span><\/a><a class=\"meta-item meta-item-comment-number\" href=\"https:\/\/nieuwe-nederlander.nl\/?p=3524#respond\"><i class=\"fa fa-comment-o\"><\/i> <span>0<\/span><\/a><a class=\"meta-item meta-item-date\" href=\"https:\/\/nieuwe-nederlander.nl\/?p=3524\"><i class=\"fa fa-clock-o\"><\/i> <span>oktober 28, 2025<\/span><\/a><\/div><h3 class=\"item-title\"><a href=\"https:\/\/nieuwe-nederlander.nl\/?p=3524\" title=\"Nederland Gaat Morgen Naar de Stembus: Vier Partijen Strijden om het Premierschap \u2013 Turkse Kiezers Kunnen het Evenwicht Veranderen\">Nederland Gaat Morgen Naar de Stembus: Vier Partijen Strijden om het Premierschap \u2013 Turkse Kiezers Kunnen het Evenwicht Veranderen<\/a><\/h3><div class=\"slider-item-sub\"><div class=\"item-readmore-wrapper\"><a class=\"item-readmore\" href=\"https:\/\/nieuwe-nederlander.nl\/?p=3524#more\">Read More<\/a><\/div><\/div><\/div><\/div><\/div><div class=\"item slider-item slider-item-1\"><div class=\"slider-item-inner\"><a style=\"height: 400px\" href=\"https:\/\/nieuwe-nederlander.nl\/?p=3507\" class=\"thumbnail item-thumbnail\"><img loading=\"lazy\" decoding=\"async\" width=\"2048\" height=\"1536\" src=\"\" class=\"attachment-full size-full\" alt=\"Vrijwilligers Uitgenodigd voor het Symposium \u201c30 Jaar Gastvrijheid in Haarlem\u201d\" title=\"Vrijwilligers Uitgenodigd voor het Symposium \u201c30 Jaar Gastvrijheid in Haarlem\u201d\" sizes=\"auto, (max-width: 2048px) 100vw, 2048px\" data-s=\"https:\/\/nieuwe-nederlander.nl\/wp-content\/uploads\/2025\/10\/WhatsApp-Image-2025-09-30-at-22.07.20-6.jpeg\" data-ss=\"https:\/\/nieuwe-nederlander.nl\/wp-content\/uploads\/2025\/10\/WhatsApp-Image-2025-09-30-at-22.07.20-6.jpeg 2048w, https:\/\/nieuwe-nederlander.nl\/wp-content\/uploads\/2025\/10\/WhatsApp-Image-2025-09-30-at-22.07.20-6-400x300.jpeg 400w, https:\/\/nieuwe-nederlander.nl\/wp-content\/uploads\/2025\/10\/WhatsApp-Image-2025-09-30-at-22.07.20-6-650x488.jpeg 650w, https:\/\/nieuwe-nederlander.nl\/wp-content\/uploads\/2025\/10\/WhatsApp-Image-2025-09-30-at-22.07.20-6-250x188.jpeg 250w, https:\/\/nieuwe-nederlander.nl\/wp-content\/uploads\/2025\/10\/WhatsApp-Image-2025-09-30-at-22.07.20-6-768x576.jpeg 768w, https:\/\/nieuwe-nederlander.nl\/wp-content\/uploads\/2025\/10\/WhatsApp-Image-2025-09-30-at-22.07.20-6-1536x1152.jpeg 1536w, https:\/\/nieuwe-nederlander.nl\/wp-content\/uploads\/2025\/10\/WhatsApp-Image-2025-09-30-at-22.07.20-6-150x113.jpeg 150w, https:\/\/nieuwe-nederlander.nl\/wp-content\/uploads\/2025\/10\/WhatsApp-Image-2025-09-30-at-22.07.20-6-800x600.jpeg 800w, https:\/\/nieuwe-nederlander.nl\/wp-content\/uploads\/2025\/10\/WhatsApp-Image-2025-09-30-at-22.07.20-6-1200x900.jpeg 1200w, https:\/\/nieuwe-nederlander.nl\/wp-content\/uploads\/2025\/10\/WhatsApp-Image-2025-09-30-at-22.07.20-6-1600x1200.jpeg 1600w, https:\/\/nieuwe-nederlander.nl\/wp-content\/uploads\/2025\/10\/WhatsApp-Image-2025-09-30-at-22.07.20-6-2000x1500.jpeg 2000w\" \/><\/a><div class=\"slider-item-content\"><div class=\"meta-items\"><a href=\"https:\/\/nieuwe-nederlander.nl\/?author=2\" target=\"_blank\" class=\"meta-item meta-item-author\"><i class=\"fa fa-pencil-square-o\"><\/i> <span>Nieuwe-Nederlander<\/span><\/a><a class=\"meta-item meta-item-comment-number\" href=\"https:\/\/nieuwe-nederlander.nl\/?p=3507#respond\"><i class=\"fa fa-comment-o\"><\/i> <span>0<\/span><\/a><a class=\"meta-item meta-item-date\" href=\"https:\/\/nieuwe-nederlander.nl\/?p=3507\"><i class=\"fa fa-clock-o\"><\/i> <span>oktober 2, 2025<\/span><\/a><\/div><h3 class=\"item-title\"><a href=\"https:\/\/nieuwe-nederlander.nl\/?p=3507\" title=\"Vrijwilligers Uitgenodigd voor het Symposium \u201c30 Jaar Gastvrijheid in Haarlem\u201d\">Vrijwilligers Uitgenodigd voor het Symposium \u201c30 Jaar Gastvrijheid in Haarlem\u201d<\/a><\/h3><div class=\"slider-item-sub\"><div class=\"item-readmore-wrapper\"><a class=\"item-readmore\" href=\"https:\/\/nieuwe-nederlander.nl\/?p=3507#more\">Read More<\/a><\/div><\/div><\/div><\/div><\/div><div class=\"item slider-item slider-item-2\"><div class=\"slider-item-inner\"><a style=\"height: 400px\" href=\"https:\/\/nieuwe-nederlander.nl\/?p=3495\" class=\"thumbnail item-thumbnail\"><img loading=\"lazy\" decoding=\"async\" width=\"2048\" height=\"1536\" src=\"\" class=\"attachment-full size-full\" alt=\"Koning Willem-Alexander van Nederland: \u201cEenzaamheid is een kwestie die alle lagen van de samenleving raakt\u201d\" title=\"Koning Willem-Alexander van Nederland: \u201cEenzaamheid is een kwestie die alle lagen van de samenleving raakt\u201d\" sizes=\"auto, (max-width: 2048px) 100vw, 2048px\" data-s=\"https:\/\/nieuwe-nederlander.nl\/wp-content\/uploads\/2025\/10\/WhatsApp-Image-2025-09-24-at-23.27.50-3.jpeg\" data-ss=\"https:\/\/nieuwe-nederlander.nl\/wp-content\/uploads\/2025\/10\/WhatsApp-Image-2025-09-24-at-23.27.50-3.jpeg 2048w, https:\/\/nieuwe-nederlander.nl\/wp-content\/uploads\/2025\/10\/WhatsApp-Image-2025-09-24-at-23.27.50-3-400x300.jpeg 400w, https:\/\/nieuwe-nederlander.nl\/wp-content\/uploads\/2025\/10\/WhatsApp-Image-2025-09-24-at-23.27.50-3-650x488.jpeg 650w, https:\/\/nieuwe-nederlander.nl\/wp-content\/uploads\/2025\/10\/WhatsApp-Image-2025-09-24-at-23.27.50-3-250x188.jpeg 250w, https:\/\/nieuwe-nederlander.nl\/wp-content\/uploads\/2025\/10\/WhatsApp-Image-2025-09-24-at-23.27.50-3-768x576.jpeg 768w, https:\/\/nieuwe-nederlander.nl\/wp-content\/uploads\/2025\/10\/WhatsApp-Image-2025-09-24-at-23.27.50-3-1536x1152.jpeg 1536w, https:\/\/nieuwe-nederlander.nl\/wp-content\/uploads\/2025\/10\/WhatsApp-Image-2025-09-24-at-23.27.50-3-150x113.jpeg 150w, https:\/\/nieuwe-nederlander.nl\/wp-content\/uploads\/2025\/10\/WhatsApp-Image-2025-09-24-at-23.27.50-3-800x600.jpeg 800w, https:\/\/nieuwe-nederlander.nl\/wp-content\/uploads\/2025\/10\/WhatsApp-Image-2025-09-24-at-23.27.50-3-1200x900.jpeg 1200w, https:\/\/nieuwe-nederlander.nl\/wp-content\/uploads\/2025\/10\/WhatsApp-Image-2025-09-24-at-23.27.50-3-1600x1200.jpeg 1600w, https:\/\/nieuwe-nederlander.nl\/wp-content\/uploads\/2025\/10\/WhatsApp-Image-2025-09-24-at-23.27.50-3-2000x1500.jpeg 2000w\" \/><\/a><div class=\"slider-item-content\"><div class=\"meta-items\"><a href=\"https:\/\/nieuwe-nederlander.nl\/?author=2\" target=\"_blank\" class=\"meta-item meta-item-author\"><i class=\"fa fa-pencil-square-o\"><\/i> <span>Nieuwe-Nederlander<\/span><\/a><a class=\"meta-item meta-item-comment-number\" href=\"https:\/\/nieuwe-nederlander.nl\/?p=3495#respond\"><i class=\"fa fa-comment-o\"><\/i> <span>0<\/span><\/a><a class=\"meta-item meta-item-date\" href=\"https:\/\/nieuwe-nederlander.nl\/?p=3495\"><i class=\"fa fa-clock-o\"><\/i> <span>oktober 2, 2025<\/span><\/a><\/div><h3 class=\"item-title\"><a href=\"https:\/\/nieuwe-nederlander.nl\/?p=3495\" title=\"Koning Willem-Alexander van Nederland: \u201cEenzaamheid is een kwestie die alle lagen van de samenleving raakt\u201d\">Koning Willem-Alexander van Nederland: \u201cEenzaamheid is een kwestie die alle lagen van de samenleving raakt\u201d<\/a><\/h3><div class=\"slider-item-sub\"><div class=\"item-readmore-wrapper\"><a class=\"item-readmore\" href=\"https:\/\/nieuwe-nederlander.nl\/?p=3495#more\">Read More<\/a><\/div><\/div><\/div><\/div><\/div><div class=\"item slider-item slider-item-3\"><div class=\"slider-item-inner\"><a style=\"height: 400px\" href=\"https:\/\/nieuwe-nederlander.nl\/?p=3483\" class=\"thumbnail item-thumbnail\"><img loading=\"lazy\" decoding=\"async\" width=\"2048\" height=\"954\" src=\"\" class=\"attachment-full size-full\" alt=\"Nederland opende het nieuwe parlementaire jaar met drie heilige boeken: historische ontmoeting op Prinsjesdag 2025\" title=\"Nederland opende het nieuwe parlementaire jaar met drie heilige boeken: historische ontmoeting op Prinsjesdag 2025\" sizes=\"auto, (max-width: 2048px) 100vw, 2048px\" data-s=\"https:\/\/nieuwe-nederlander.nl\/wp-content\/uploads\/2025\/09\/WhatsApp-Image-2025-09-16-at-23.35.12-2.jpeg\" data-ss=\"https:\/\/nieuwe-nederlander.nl\/wp-content\/uploads\/2025\/09\/WhatsApp-Image-2025-09-16-at-23.35.12-2.jpeg 2048w, https:\/\/nieuwe-nederlander.nl\/wp-content\/uploads\/2025\/09\/WhatsApp-Image-2025-09-16-at-23.35.12-2-400x186.jpeg 400w, https:\/\/nieuwe-nederlander.nl\/wp-content\/uploads\/2025\/09\/WhatsApp-Image-2025-09-16-at-23.35.12-2-650x303.jpeg 650w, https:\/\/nieuwe-nederlander.nl\/wp-content\/uploads\/2025\/09\/WhatsApp-Image-2025-09-16-at-23.35.12-2-250x116.jpeg 250w, https:\/\/nieuwe-nederlander.nl\/wp-content\/uploads\/2025\/09\/WhatsApp-Image-2025-09-16-at-23.35.12-2-768x358.jpeg 768w, https:\/\/nieuwe-nederlander.nl\/wp-content\/uploads\/2025\/09\/WhatsApp-Image-2025-09-16-at-23.35.12-2-1536x716.jpeg 1536w, https:\/\/nieuwe-nederlander.nl\/wp-content\/uploads\/2025\/09\/WhatsApp-Image-2025-09-16-at-23.35.12-2-150x70.jpeg 150w, https:\/\/nieuwe-nederlander.nl\/wp-content\/uploads\/2025\/09\/WhatsApp-Image-2025-09-16-at-23.35.12-2-800x373.jpeg 800w, https:\/\/nieuwe-nederlander.nl\/wp-content\/uploads\/2025\/09\/WhatsApp-Image-2025-09-16-at-23.35.12-2-1200x559.jpeg 1200w, https:\/\/nieuwe-nederlander.nl\/wp-content\/uploads\/2025\/09\/WhatsApp-Image-2025-09-16-at-23.35.12-2-1600x745.jpeg 1600w, https:\/\/nieuwe-nederlander.nl\/wp-content\/uploads\/2025\/09\/WhatsApp-Image-2025-09-16-at-23.35.12-2-2000x932.jpeg 2000w\" \/><\/a><div class=\"slider-item-content\"><div class=\"meta-items\"><a href=\"https:\/\/nieuwe-nederlander.nl\/?author=2\" target=\"_blank\" class=\"meta-item meta-item-author\"><i class=\"fa fa-pencil-square-o\"><\/i> <span>Nieuwe-Nederlander<\/span><\/a><a class=\"meta-item meta-item-comment-number\" href=\"https:\/\/nieuwe-nederlander.nl\/?p=3483#respond\"><i class=\"fa fa-comment-o\"><\/i> <span>0<\/span><\/a><a class=\"meta-item meta-item-date\" href=\"https:\/\/nieuwe-nederlander.nl\/?p=3483\"><i class=\"fa fa-clock-o\"><\/i> <span>september 17, 2025<\/span><\/a><\/div><h3 class=\"item-title\"><a href=\"https:\/\/nieuwe-nederlander.nl\/?p=3483\" title=\"Nederland opende het nieuwe parlementaire jaar met drie heilige boeken: historische ontmoeting op Prinsjesdag 2025\">Nederland opende het nieuwe parlementaire jaar met drie heilige boeken: historische ontmoeting op Prinsjesdag 2025<\/a><\/h3><div class=\"slider-item-sub\"><div class=\"item-readmore-wrapper\"><a class=\"item-readmore\" href=\"https:\/\/nieuwe-nederlander.nl\/?p=3483#more\">Read More<\/a><\/div><\/div><\/div><\/div><\/div><div class=\"item slider-item slider-item-4\"><div class=\"slider-item-inner\"><a style=\"height: 400px\" href=\"https:\/\/nieuwe-nederlander.nl\/?p=3478\" class=\"thumbnail item-thumbnail\"><img loading=\"lazy\" decoding=\"async\" width=\"800\" height=\"533\" src=\"\" class=\"attachment-full size-full\" alt=\"D\u017euvo: \u201cIk heb Dodik niet zelf naar het parket gebracht\u201d \u2013 maar zwijgt over of hij in de auto zat\" title=\"D\u017euvo: \u201cIk heb Dodik niet zelf naar het parket gebracht\u201d \u2013 maar zwijgt over of hij in de auto zat\" sizes=\"auto, (max-width: 800px) 100vw, 800px\" data-s=\"https:\/\/nieuwe-nederlander.nl\/wp-content\/uploads\/2025\/07\/PHOTO-2025-07-21-18-43-55.jpg\" data-ss=\"https:\/\/nieuwe-nederlander.nl\/wp-content\/uploads\/2025\/07\/PHOTO-2025-07-21-18-43-55.jpg 800w, https:\/\/nieuwe-nederlander.nl\/wp-content\/uploads\/2025\/07\/PHOTO-2025-07-21-18-43-55-400x267.jpg 400w, https:\/\/nieuwe-nederlander.nl\/wp-content\/uploads\/2025\/07\/PHOTO-2025-07-21-18-43-55-650x433.jpg 650w, https:\/\/nieuwe-nederlander.nl\/wp-content\/uploads\/2025\/07\/PHOTO-2025-07-21-18-43-55-250x167.jpg 250w, https:\/\/nieuwe-nederlander.nl\/wp-content\/uploads\/2025\/07\/PHOTO-2025-07-21-18-43-55-768x512.jpg 768w, https:\/\/nieuwe-nederlander.nl\/wp-content\/uploads\/2025\/07\/PHOTO-2025-07-21-18-43-55-150x100.jpg 150w\" \/><\/a><div class=\"slider-item-content\"><div class=\"meta-items\"><a href=\"https:\/\/nieuwe-nederlander.nl\/?author=2\" target=\"_blank\" class=\"meta-item meta-item-author\"><i class=\"fa fa-pencil-square-o\"><\/i> <span>Nieuwe-Nederlander<\/span><\/a><a class=\"meta-item meta-item-comment-number\" href=\"https:\/\/nieuwe-nederlander.nl\/?p=3478#respond\"><i class=\"fa fa-comment-o\"><\/i> <span>0<\/span><\/a><a class=\"meta-item meta-item-date\" href=\"https:\/\/nieuwe-nederlander.nl\/?p=3478\"><i class=\"fa fa-clock-o\"><\/i> <span>juli 21, 2025<\/span><\/a><\/div><h3 class=\"item-title\"><a href=\"https:\/\/nieuwe-nederlander.nl\/?p=3478\" title=\"D\u017euvo: \u201cIk heb Dodik niet zelf naar het parket gebracht\u201d \u2013 maar zwijgt over of hij in de auto zat\">D\u017euvo: \u201cIk heb Dodik niet zelf naar het parket gebracht\u201d \u2013 maar zwijgt over of hij in de auto zat<\/a><\/h3><div class=\"slider-item-sub\"><div class=\"item-readmore-wrapper\"><a class=\"item-readmore\" href=\"https:\/\/nieuwe-nederlander.nl\/?p=3478#more\">Read More<\/a><\/div><\/div><\/div><\/div><\/div><div class=\"item slider-item slider-item-5\"><div class=\"slider-item-inner\"><a style=\"height: 400px\" href=\"https:\/\/nieuwe-nederlander.nl\/?p=3475\" class=\"thumbnail item-thumbnail\"><img loading=\"lazy\" decoding=\"async\" width=\"800\" height=\"533\" src=\"\" class=\"attachment-full size-full\" alt=\"\u0160piri\u0107 prijst OSA-directeur D\u017euvo: \u201cHij toonde staatsmanschap in omgang met Dodik\u201d\" title=\"\u0160piri\u0107 prijst OSA-directeur D\u017euvo: \u201cHij toonde staatsmanschap in omgang met Dodik\u201d\" sizes=\"auto, (max-width: 800px) 100vw, 800px\" data-s=\"https:\/\/nieuwe-nederlander.nl\/wp-content\/uploads\/2025\/07\/Foto-3.jpeg\" data-ss=\"https:\/\/nieuwe-nederlander.nl\/wp-content\/uploads\/2025\/07\/Foto-3.jpeg 800w, https:\/\/nieuwe-nederlander.nl\/wp-content\/uploads\/2025\/07\/Foto-3-400x267.jpeg 400w, https:\/\/nieuwe-nederlander.nl\/wp-content\/uploads\/2025\/07\/Foto-3-650x433.jpeg 650w, https:\/\/nieuwe-nederlander.nl\/wp-content\/uploads\/2025\/07\/Foto-3-250x167.jpeg 250w, https:\/\/nieuwe-nederlander.nl\/wp-content\/uploads\/2025\/07\/Foto-3-768x512.jpeg 768w, https:\/\/nieuwe-nederlander.nl\/wp-content\/uploads\/2025\/07\/Foto-3-150x100.jpeg 150w\" \/><\/a><div class=\"slider-item-content\"><div class=\"meta-items\"><a href=\"https:\/\/nieuwe-nederlander.nl\/?author=2\" target=\"_blank\" class=\"meta-item meta-item-author\"><i class=\"fa fa-pencil-square-o\"><\/i> <span>Nieuwe-Nederlander<\/span><\/a><a class=\"meta-item meta-item-comment-number\" href=\"https:\/\/nieuwe-nederlander.nl\/?p=3475#respond\"><i class=\"fa fa-comment-o\"><\/i> <span>0<\/span><\/a><a class=\"meta-item meta-item-date\" href=\"https:\/\/nieuwe-nederlander.nl\/?p=3475\"><i class=\"fa fa-clock-o\"><\/i> <span>juli 21, 2025<\/span><\/a><\/div><h3 class=\"item-title\"><a href=\"https:\/\/nieuwe-nederlander.nl\/?p=3475\" title=\"\u0160piri\u0107 prijst OSA-directeur D\u017euvo: \u201cHij toonde staatsmanschap in omgang met Dodik\u201d\">\u0160piri\u0107 prijst OSA-directeur D\u017euvo: \u201cHij toonde staatsmanschap in omgang met Dodik\u201d<\/a><\/h3><div class=\"slider-item-sub\"><div class=\"item-readmore-wrapper\"><a class=\"item-readmore\" href=\"https:\/\/nieuwe-nederlander.nl\/?p=3475#more\">Read More<\/a><\/div><\/div><\/div><\/div><\/div><\/div><div class=\"clear\"><\/div><span class=\"hide widget-data\" data-type=\"slider\"><span class=\"data-item data-speed\">5000<\/span><span class=\"data-item data-show_dots\">on<\/span><span class=\"data-item data-show_nav\">on<\/span><\/span><\/div><div class=\"clear\"><\/div><span class=\"hide widget-data\" data-type=\"slider\"><span class=\"data-item data-speed\">5000<\/span><span class=\"data-item data-show_dots\">on<\/span><span class=\"data-item data-show_nav\">on<\/span><\/span><\/p>\n<p><div class=\"clear\"><\/div><div class=\"widget Label blogging label feed no-title fix-height none-icon \" id=\"Label2\"><div class=\"widget-content feed-widget-content widget-content-Label2\" id=\"widget-content-Label2\"><div  class=\"shad item item-0 item-two item-three item-four\"><a style=\"height: 200px\" href=\"https:\/\/nieuwe-nederlander.nl\/?p=3524\" class=\"thumbnail item-thumbnail\"><img loading=\"lazy\" decoding=\"async\" width=\"854\" height=\"480\" src=\"\" class=\"attachment-full size-full\" alt=\"Nederland Gaat Morgen Naar de Stembus: Vier Partijen Strijden om het Premierschap \u2013 Turkse Kiezers Kunnen het Evenwicht Veranderen\" title=\"Nederland Gaat Morgen Naar de Stembus: Vier Partijen Strijden om het Premierschap \u2013 Turkse Kiezers Kunnen het Evenwicht Veranderen\" sizes=\"auto, (max-width: 854px) 100vw, 854px\" data-s=\"https:\/\/nieuwe-nederlander.nl\/wp-content\/uploads\/2025\/10\/WhatsApp-Image-2025-10-28-at-06.17.49.jpeg\" data-ss=\"https:\/\/nieuwe-nederlander.nl\/wp-content\/uploads\/2025\/10\/WhatsApp-Image-2025-10-28-at-06.17.49.jpeg 854w, https:\/\/nieuwe-nederlander.nl\/wp-content\/uploads\/2025\/10\/WhatsApp-Image-2025-10-28-at-06.17.49-400x225.jpeg 400w, https:\/\/nieuwe-nederlander.nl\/wp-content\/uploads\/2025\/10\/WhatsApp-Image-2025-10-28-at-06.17.49-650x365.jpeg 650w, https:\/\/nieuwe-nederlander.nl\/wp-content\/uploads\/2025\/10\/WhatsApp-Image-2025-10-28-at-06.17.49-250x141.jpeg 250w, https:\/\/nieuwe-nederlander.nl\/wp-content\/uploads\/2025\/10\/WhatsApp-Image-2025-10-28-at-06.17.49-768x432.jpeg 768w, https:\/\/nieuwe-nederlander.nl\/wp-content\/uploads\/2025\/10\/WhatsApp-Image-2025-10-28-at-06.17.49-150x84.jpeg 150w, https:\/\/nieuwe-nederlander.nl\/wp-content\/uploads\/2025\/10\/WhatsApp-Image-2025-10-28-at-06.17.49-800x450.jpeg 800w\" \/><\/a><div class=\"item-content\"><div class=\"bg item-labels\"><a href=\"https:\/\/nieuwe-nederlander.nl\/?cat=278\">Binnenland<\/a><\/div><h3 class=\"item-title\"><a href=\"https:\/\/nieuwe-nederlander.nl\/?p=3524\" title=\"Nederland Gaat Morgen Naar de Stembus: Vier Partijen Strijden om het Premierschap \u2013 Turkse Kiezers Kunnen het Evenwicht Veranderen\">Nederland Gaat Morgen Naar de Stembus: Vier Partijen Strijden om het Premierschap \u2013 Turkse Kiezers Kunnen het Evenwicht Veranderen<\/a><\/h3><div class=\"meta-items\"><a href=\"https:\/\/nieuwe-nederlander.nl\/?author=2\" target=\"_blank\" class=\"meta-item meta-item-author\"><i class=\"fa fa-pencil-square-o\"><\/i> <span>Nieuwe-Nederlander<\/span><\/a><a class=\"meta-item meta-item-comment-number\" href=\"https:\/\/nieuwe-nederlander.nl\/?p=3524#respond\"><i class=\"fa fa-comment-o\"><\/i> <span>0<\/span><\/a><a class=\"meta-item meta-item-date\" href=\"https:\/\/nieuwe-nederlander.nl\/?p=3524\"><i class=\"fa fa-clock-o\"><\/i> <span>oktober 28, 2025<\/span><\/a><\/div><div class=\"item-sub\"><div class=\"item-snippet\">Nederland Gaat Morgen Naar de Stembus: Vier Partijen Strijden om het Premierschap \u2013 Turkse Kiezers Kunnen het Evenwicht Veranderen\r\n\u00a0 \u00a0\r\n\r\n\r\nBASRI DO\u011e [...] <\/div><div class=\"item-readmore-wrapper\"><a class=\"item-readmore\" href=\"https:\/\/nieuwe-nederlander.nl\/?p=3524#more\">Read More<\/a><\/div><\/div><div class=\"clear\"><\/div><\/div><div class=\"clear\"><\/div><\/div><div  class=\"shad item item-1 than-0\"><a style=\"height: 200px\" href=\"https:\/\/nieuwe-nederlander.nl\/?p=3507\" class=\"thumbnail item-thumbnail\"><img loading=\"lazy\" decoding=\"async\" width=\"2048\" height=\"1536\" src=\"\" class=\"attachment-full size-full\" alt=\"Vrijwilligers Uitgenodigd voor het Symposium \u201c30 Jaar Gastvrijheid in Haarlem\u201d\" title=\"Vrijwilligers Uitgenodigd voor het Symposium \u201c30 Jaar Gastvrijheid in Haarlem\u201d\" sizes=\"auto, (max-width: 2048px) 100vw, 2048px\" data-s=\"https:\/\/nieuwe-nederlander.nl\/wp-content\/uploads\/2025\/10\/WhatsApp-Image-2025-09-30-at-22.07.20-6.jpeg\" data-ss=\"https:\/\/nieuwe-nederlander.nl\/wp-content\/uploads\/2025\/10\/WhatsApp-Image-2025-09-30-at-22.07.20-6.jpeg 2048w, https:\/\/nieuwe-nederlander.nl\/wp-content\/uploads\/2025\/10\/WhatsApp-Image-2025-09-30-at-22.07.20-6-400x300.jpeg 400w, https:\/\/nieuwe-nederlander.nl\/wp-content\/uploads\/2025\/10\/WhatsApp-Image-2025-09-30-at-22.07.20-6-650x488.jpeg 650w, https:\/\/nieuwe-nederlander.nl\/wp-content\/uploads\/2025\/10\/WhatsApp-Image-2025-09-30-at-22.07.20-6-250x188.jpeg 250w, https:\/\/nieuwe-nederlander.nl\/wp-content\/uploads\/2025\/10\/WhatsApp-Image-2025-09-30-at-22.07.20-6-768x576.jpeg 768w, https:\/\/nieuwe-nederlander.nl\/wp-content\/uploads\/2025\/10\/WhatsApp-Image-2025-09-30-at-22.07.20-6-1536x1152.jpeg 1536w, https:\/\/nieuwe-nederlander.nl\/wp-content\/uploads\/2025\/10\/WhatsApp-Image-2025-09-30-at-22.07.20-6-150x113.jpeg 150w, https:\/\/nieuwe-nederlander.nl\/wp-content\/uploads\/2025\/10\/WhatsApp-Image-2025-09-30-at-22.07.20-6-800x600.jpeg 800w, https:\/\/nieuwe-nederlander.nl\/wp-content\/uploads\/2025\/10\/WhatsApp-Image-2025-09-30-at-22.07.20-6-1200x900.jpeg 1200w, https:\/\/nieuwe-nederlander.nl\/wp-content\/uploads\/2025\/10\/WhatsApp-Image-2025-09-30-at-22.07.20-6-1600x1200.jpeg 1600w, https:\/\/nieuwe-nederlander.nl\/wp-content\/uploads\/2025\/10\/WhatsApp-Image-2025-09-30-at-22.07.20-6-2000x1500.jpeg 2000w\" \/><\/a><div class=\"item-content\"><div class=\"bg item-labels\"><a href=\"https:\/\/nieuwe-nederlander.nl\/?cat=278\">Binnenland<\/a><\/div><h3 class=\"item-title\"><a href=\"https:\/\/nieuwe-nederlander.nl\/?p=3507\" title=\"Vrijwilligers Uitgenodigd voor het Symposium \u201c30 Jaar Gastvrijheid in Haarlem\u201d\">Vrijwilligers Uitgenodigd voor het Symposium \u201c30 Jaar Gastvrijheid in Haarlem\u201d<\/a><\/h3><div class=\"meta-items\"><a href=\"https:\/\/nieuwe-nederlander.nl\/?author=2\" target=\"_blank\" class=\"meta-item meta-item-author\"><i class=\"fa fa-pencil-square-o\"><\/i> <span>Nieuwe-Nederlander<\/span><\/a><a class=\"meta-item meta-item-comment-number\" href=\"https:\/\/nieuwe-nederlander.nl\/?p=3507#respond\"><i class=\"fa fa-comment-o\"><\/i> <span>0<\/span><\/a><a class=\"meta-item meta-item-date\" href=\"https:\/\/nieuwe-nederlander.nl\/?p=3507\"><i class=\"fa fa-clock-o\"><\/i> <span>oktober 2, 2025<\/span><\/a><\/div><div class=\"item-sub\"><div class=\"item-snippet\">Vrijwilligers Uitgenodigd voor het Symposium \u201c30 Jaar Gastvrijheid in Haarlem\u201d\r\n\r\n\r\n\r\nBasri Do\u011fan | Amsterdam\r\n\r\nSamen met burgemeester Jos Wienen van [...] <\/div><div class=\"item-readmore-wrapper\"><a class=\"item-readmore\" href=\"https:\/\/nieuwe-nederlander.nl\/?p=3507#more\">Read More<\/a><\/div><\/div><div class=\"clear\"><\/div><\/div><div class=\"clear\"><\/div><\/div><div  class=\"shad item item-2 item-two than-0 than-1\"><a style=\"height: 200px\" href=\"https:\/\/nieuwe-nederlander.nl\/?p=3495\" class=\"thumbnail item-thumbnail\"><img loading=\"lazy\" decoding=\"async\" width=\"2048\" height=\"1536\" src=\"\" class=\"attachment-full size-full\" alt=\"Koning Willem-Alexander van Nederland: \u201cEenzaamheid is een kwestie die alle lagen van de samenleving raakt\u201d\" title=\"Koning Willem-Alexander van Nederland: \u201cEenzaamheid is een kwestie die alle lagen van de samenleving raakt\u201d\" sizes=\"auto, (max-width: 2048px) 100vw, 2048px\" data-s=\"https:\/\/nieuwe-nederlander.nl\/wp-content\/uploads\/2025\/10\/WhatsApp-Image-2025-09-24-at-23.27.50-3.jpeg\" data-ss=\"https:\/\/nieuwe-nederlander.nl\/wp-content\/uploads\/2025\/10\/WhatsApp-Image-2025-09-24-at-23.27.50-3.jpeg 2048w, https:\/\/nieuwe-nederlander.nl\/wp-content\/uploads\/2025\/10\/WhatsApp-Image-2025-09-24-at-23.27.50-3-400x300.jpeg 400w, https:\/\/nieuwe-nederlander.nl\/wp-content\/uploads\/2025\/10\/WhatsApp-Image-2025-09-24-at-23.27.50-3-650x488.jpeg 650w, https:\/\/nieuwe-nederlander.nl\/wp-content\/uploads\/2025\/10\/WhatsApp-Image-2025-09-24-at-23.27.50-3-250x188.jpeg 250w, https:\/\/nieuwe-nederlander.nl\/wp-content\/uploads\/2025\/10\/WhatsApp-Image-2025-09-24-at-23.27.50-3-768x576.jpeg 768w, https:\/\/nieuwe-nederlander.nl\/wp-content\/uploads\/2025\/10\/WhatsApp-Image-2025-09-24-at-23.27.50-3-1536x1152.jpeg 1536w, https:\/\/nieuwe-nederlander.nl\/wp-content\/uploads\/2025\/10\/WhatsApp-Image-2025-09-24-at-23.27.50-3-150x113.jpeg 150w, https:\/\/nieuwe-nederlander.nl\/wp-content\/uploads\/2025\/10\/WhatsApp-Image-2025-09-24-at-23.27.50-3-800x600.jpeg 800w, https:\/\/nieuwe-nederlander.nl\/wp-content\/uploads\/2025\/10\/WhatsApp-Image-2025-09-24-at-23.27.50-3-1200x900.jpeg 1200w, https:\/\/nieuwe-nederlander.nl\/wp-content\/uploads\/2025\/10\/WhatsApp-Image-2025-09-24-at-23.27.50-3-1600x1200.jpeg 1600w, https:\/\/nieuwe-nederlander.nl\/wp-content\/uploads\/2025\/10\/WhatsApp-Image-2025-09-24-at-23.27.50-3-2000x1500.jpeg 2000w\" \/><\/a><div class=\"item-content\"><div class=\"bg item-labels\"><a href=\"https:\/\/nieuwe-nederlander.nl\/?cat=278\">Binnenland<\/a><\/div><h3 class=\"item-title\"><a href=\"https:\/\/nieuwe-nederlander.nl\/?p=3495\" title=\"Koning Willem-Alexander van Nederland: \u201cEenzaamheid is een kwestie die alle lagen van de samenleving raakt\u201d\">Koning Willem-Alexander van Nederland: \u201cEenzaamheid is een kwestie die alle lagen van de samenleving raakt\u201d<\/a><\/h3><div class=\"meta-items\"><a href=\"https:\/\/nieuwe-nederlander.nl\/?author=2\" target=\"_blank\" class=\"meta-item meta-item-author\"><i class=\"fa fa-pencil-square-o\"><\/i> <span>Nieuwe-Nederlander<\/span><\/a><a class=\"meta-item meta-item-comment-number\" href=\"https:\/\/nieuwe-nederlander.nl\/?p=3495#respond\"><i class=\"fa fa-comment-o\"><\/i> <span>0<\/span><\/a><a class=\"meta-item meta-item-date\" href=\"https:\/\/nieuwe-nederlander.nl\/?p=3495\"><i class=\"fa fa-clock-o\"><\/i> <span>oktober 2, 2025<\/span><\/a><\/div><div class=\"item-sub\"><div class=\"item-snippet\">\r\n\r\nKoning Willem-Alexander van Nederland: \u201cEenzaamheid is een kwestie die alle lagen van de samenleving raakt\u201d\r\n\r\nBasri Do\u011fan | Amsterdam\r\n\r\nKoning W [...] <\/div><div class=\"item-readmore-wrapper\"><a class=\"item-readmore\" href=\"https:\/\/nieuwe-nederlander.nl\/?p=3495#more\">Read More<\/a><\/div><\/div><div class=\"clear\"><\/div><\/div><div class=\"clear\"><\/div><\/div><div  class=\"shad item item-3 item-three than-0 than-1 than-2\"><a style=\"height: 200px\" href=\"https:\/\/nieuwe-nederlander.nl\/?p=3483\" class=\"thumbnail item-thumbnail\"><img loading=\"lazy\" decoding=\"async\" width=\"2048\" height=\"954\" src=\"\" class=\"attachment-full size-full\" alt=\"Nederland opende het nieuwe parlementaire jaar met drie heilige boeken: historische ontmoeting op Prinsjesdag 2025\" title=\"Nederland opende het nieuwe parlementaire jaar met drie heilige boeken: historische ontmoeting op Prinsjesdag 2025\" sizes=\"auto, (max-width: 2048px) 100vw, 2048px\" data-s=\"https:\/\/nieuwe-nederlander.nl\/wp-content\/uploads\/2025\/09\/WhatsApp-Image-2025-09-16-at-23.35.12-2.jpeg\" data-ss=\"https:\/\/nieuwe-nederlander.nl\/wp-content\/uploads\/2025\/09\/WhatsApp-Image-2025-09-16-at-23.35.12-2.jpeg 2048w, https:\/\/nieuwe-nederlander.nl\/wp-content\/uploads\/2025\/09\/WhatsApp-Image-2025-09-16-at-23.35.12-2-400x186.jpeg 400w, https:\/\/nieuwe-nederlander.nl\/wp-content\/uploads\/2025\/09\/WhatsApp-Image-2025-09-16-at-23.35.12-2-650x303.jpeg 650w, https:\/\/nieuwe-nederlander.nl\/wp-content\/uploads\/2025\/09\/WhatsApp-Image-2025-09-16-at-23.35.12-2-250x116.jpeg 250w, https:\/\/nieuwe-nederlander.nl\/wp-content\/uploads\/2025\/09\/WhatsApp-Image-2025-09-16-at-23.35.12-2-768x358.jpeg 768w, https:\/\/nieuwe-nederlander.nl\/wp-content\/uploads\/2025\/09\/WhatsApp-Image-2025-09-16-at-23.35.12-2-1536x716.jpeg 1536w, https:\/\/nieuwe-nederlander.nl\/wp-content\/uploads\/2025\/09\/WhatsApp-Image-2025-09-16-at-23.35.12-2-150x70.jpeg 150w, https:\/\/nieuwe-nederlander.nl\/wp-content\/uploads\/2025\/09\/WhatsApp-Image-2025-09-16-at-23.35.12-2-800x373.jpeg 800w, https:\/\/nieuwe-nederlander.nl\/wp-content\/uploads\/2025\/09\/WhatsApp-Image-2025-09-16-at-23.35.12-2-1200x559.jpeg 1200w, https:\/\/nieuwe-nederlander.nl\/wp-content\/uploads\/2025\/09\/WhatsApp-Image-2025-09-16-at-23.35.12-2-1600x745.jpeg 1600w, https:\/\/nieuwe-nederlander.nl\/wp-content\/uploads\/2025\/09\/WhatsApp-Image-2025-09-16-at-23.35.12-2-2000x932.jpeg 2000w\" \/><\/a><div class=\"item-content\"><div class=\"bg item-labels\"><a href=\"https:\/\/nieuwe-nederlander.nl\/?cat=278\">Binnenland<\/a><\/div><h3 class=\"item-title\"><a href=\"https:\/\/nieuwe-nederlander.nl\/?p=3483\" title=\"Nederland opende het nieuwe parlementaire jaar met drie heilige boeken: historische ontmoeting op Prinsjesdag 2025\">Nederland opende het nieuwe parlementaire jaar met drie heilige boeken: historische ontmoeting op Prinsjesdag 2025<\/a><\/h3><div class=\"meta-items\"><a href=\"https:\/\/nieuwe-nederlander.nl\/?author=2\" target=\"_blank\" class=\"meta-item meta-item-author\"><i class=\"fa fa-pencil-square-o\"><\/i> <span>Nieuwe-Nederlander<\/span><\/a><a class=\"meta-item meta-item-comment-number\" href=\"https:\/\/nieuwe-nederlander.nl\/?p=3483#respond\"><i class=\"fa fa-comment-o\"><\/i> <span>0<\/span><\/a><a class=\"meta-item meta-item-date\" href=\"https:\/\/nieuwe-nederlander.nl\/?p=3483\"><i class=\"fa fa-clock-o\"><\/i> <span>september 17, 2025<\/span><\/a><\/div><div class=\"item-sub\"><div class=\"item-snippet\">Nederland opende het nieuwe parlementaire jaar met drie heilige boeken: historische ontmoeting op Prinsjesdag 2025\r\n\r\n\r\n\r\nBASRI DO\u011eAN | DEN HAAG\r\n\r\nNe [...] <\/div><div class=\"item-readmore-wrapper\"><a class=\"item-readmore\" href=\"https:\/\/nieuwe-nederlander.nl\/?p=3483#more\">Read More<\/a><\/div><\/div><div class=\"clear\"><\/div><\/div><div class=\"clear\"><\/div><\/div><div  class=\"shad item item-4 item-two item-four than-0 than-1 than-2 than-3\"><a style=\"height: 200px\" href=\"https:\/\/nieuwe-nederlander.nl\/?p=3478\" class=\"thumbnail item-thumbnail\"><img loading=\"lazy\" decoding=\"async\" width=\"800\" height=\"533\" src=\"\" class=\"attachment-full size-full\" alt=\"D\u017euvo: \u201cIk heb Dodik niet zelf naar het parket gebracht\u201d \u2013 maar zwijgt over of hij in de auto zat\" title=\"D\u017euvo: \u201cIk heb Dodik niet zelf naar het parket gebracht\u201d \u2013 maar zwijgt over of hij in de auto zat\" sizes=\"auto, (max-width: 800px) 100vw, 800px\" data-s=\"https:\/\/nieuwe-nederlander.nl\/wp-content\/uploads\/2025\/07\/PHOTO-2025-07-21-18-43-55.jpg\" data-ss=\"https:\/\/nieuwe-nederlander.nl\/wp-content\/uploads\/2025\/07\/PHOTO-2025-07-21-18-43-55.jpg 800w, https:\/\/nieuwe-nederlander.nl\/wp-content\/uploads\/2025\/07\/PHOTO-2025-07-21-18-43-55-400x267.jpg 400w, https:\/\/nieuwe-nederlander.nl\/wp-content\/uploads\/2025\/07\/PHOTO-2025-07-21-18-43-55-650x433.jpg 650w, https:\/\/nieuwe-nederlander.nl\/wp-content\/uploads\/2025\/07\/PHOTO-2025-07-21-18-43-55-250x167.jpg 250w, https:\/\/nieuwe-nederlander.nl\/wp-content\/uploads\/2025\/07\/PHOTO-2025-07-21-18-43-55-768x512.jpg 768w, https:\/\/nieuwe-nederlander.nl\/wp-content\/uploads\/2025\/07\/PHOTO-2025-07-21-18-43-55-150x100.jpg 150w\" \/><\/a><div class=\"item-content\"><div class=\"bg item-labels\"><a href=\"https:\/\/nieuwe-nederlander.nl\/?cat=279\">Buitenland<\/a><\/div><h3 class=\"item-title\"><a href=\"https:\/\/nieuwe-nederlander.nl\/?p=3478\" title=\"D\u017euvo: \u201cIk heb Dodik niet zelf naar het parket gebracht\u201d \u2013 maar zwijgt over of hij in de auto zat\">D\u017euvo: \u201cIk heb Dodik niet zelf naar het parket gebracht\u201d \u2013 maar zwijgt over of hij in de auto zat<\/a><\/h3><div class=\"meta-items\"><a href=\"https:\/\/nieuwe-nederlander.nl\/?author=2\" target=\"_blank\" class=\"meta-item meta-item-author\"><i class=\"fa fa-pencil-square-o\"><\/i> <span>Nieuwe-Nederlander<\/span><\/a><a class=\"meta-item meta-item-comment-number\" href=\"https:\/\/nieuwe-nederlander.nl\/?p=3478#respond\"><i class=\"fa fa-comment-o\"><\/i> <span>0<\/span><\/a><a class=\"meta-item meta-item-date\" href=\"https:\/\/nieuwe-nederlander.nl\/?p=3478\"><i class=\"fa fa-clock-o\"><\/i> <span>juli 21, 2025<\/span><\/a><\/div><div class=\"item-sub\"><div class=\"item-snippet\">\r\n\r\n&nbsp;\r\n\r\nNieuwsredactie \u2013 Sarajevo\r\n\r\nDe parlementaire commissie voor toezicht op de werkzaamheden van de Inlichtingen- en Veiligheidsdienst van  [...] <\/div><div class=\"item-readmore-wrapper\"><a class=\"item-readmore\" href=\"https:\/\/nieuwe-nederlander.nl\/?p=3478#more\">Read More<\/a><\/div><\/div><div class=\"clear\"><\/div><\/div><div class=\"clear\"><\/div><\/div><div  class=\"shad item item-5 than-0 than-1 than-2 than-3 than-4\"><a style=\"height: 200px\" href=\"https:\/\/nieuwe-nederlander.nl\/?p=3475\" class=\"thumbnail item-thumbnail\"><img loading=\"lazy\" decoding=\"async\" width=\"800\" height=\"533\" src=\"\" class=\"attachment-full size-full\" alt=\"\u0160piri\u0107 prijst OSA-directeur D\u017euvo: \u201cHij toonde staatsmanschap in omgang met Dodik\u201d\" title=\"\u0160piri\u0107 prijst OSA-directeur D\u017euvo: \u201cHij toonde staatsmanschap in omgang met Dodik\u201d\" sizes=\"auto, (max-width: 800px) 100vw, 800px\" data-s=\"https:\/\/nieuwe-nederlander.nl\/wp-content\/uploads\/2025\/07\/Foto-3.jpeg\" data-ss=\"https:\/\/nieuwe-nederlander.nl\/wp-content\/uploads\/2025\/07\/Foto-3.jpeg 800w, https:\/\/nieuwe-nederlander.nl\/wp-content\/uploads\/2025\/07\/Foto-3-400x267.jpeg 400w, https:\/\/nieuwe-nederlander.nl\/wp-content\/uploads\/2025\/07\/Foto-3-650x433.jpeg 650w, https:\/\/nieuwe-nederlander.nl\/wp-content\/uploads\/2025\/07\/Foto-3-250x167.jpeg 250w, https:\/\/nieuwe-nederlander.nl\/wp-content\/uploads\/2025\/07\/Foto-3-768x512.jpeg 768w, https:\/\/nieuwe-nederlander.nl\/wp-content\/uploads\/2025\/07\/Foto-3-150x100.jpeg 150w\" \/><\/a><div class=\"item-content\"><div class=\"bg item-labels\"><a href=\"https:\/\/nieuwe-nederlander.nl\/?cat=279\">Buitenland<\/a><\/div><h3 class=\"item-title\"><a href=\"https:\/\/nieuwe-nederlander.nl\/?p=3475\" title=\"\u0160piri\u0107 prijst OSA-directeur D\u017euvo: \u201cHij toonde staatsmanschap in omgang met Dodik\u201d\">\u0160piri\u0107 prijst OSA-directeur D\u017euvo: \u201cHij toonde staatsmanschap in omgang met Dodik\u201d<\/a><\/h3><div class=\"meta-items\"><a href=\"https:\/\/nieuwe-nederlander.nl\/?author=2\" target=\"_blank\" class=\"meta-item meta-item-author\"><i class=\"fa fa-pencil-square-o\"><\/i> <span>Nieuwe-Nederlander<\/span><\/a><a class=\"meta-item meta-item-comment-number\" href=\"https:\/\/nieuwe-nederlander.nl\/?p=3475#respond\"><i class=\"fa fa-comment-o\"><\/i> <span>0<\/span><\/a><a class=\"meta-item meta-item-date\" href=\"https:\/\/nieuwe-nederlander.nl\/?p=3475\"><i class=\"fa fa-clock-o\"><\/i> <span>juli 21, 2025<\/span><\/a><\/div><div class=\"item-sub\"><div class=\"item-snippet\">\r\n\r\nNieuwsredactie\u2013 Sarajevo\r\n\r\nDe voorzitter van het Huis van Volkeren van het Parlement van Bosni\u00eb en Herzegovina, Nikola \u0160piri\u0107, heeft lof uitgespr [...] <\/div><div class=\"item-readmore-wrapper\"><a class=\"item-readmore\" href=\"https:\/\/nieuwe-nederlander.nl\/?p=3475#more\">Read More<\/a><\/div><\/div><div class=\"clear\"><\/div><\/div><div class=\"clear\"><\/div><\/div><div  class=\"shad item item-6 item-two item-three than-0 than-1 than-2 than-3 than-4 than-5\"><a style=\"height: 200px\" href=\"https:\/\/nieuwe-nederlander.nl\/?p=3472\" class=\"thumbnail item-thumbnail\"><img loading=\"lazy\" decoding=\"async\" width=\"800\" height=\"533\" src=\"\" class=\"attachment-full size-full\" alt=\"Boguni\u0107 over Dodik-zaak: \u201cGeen aanwijzingen voor schending van het strafprocesrecht\u201d\" title=\"Boguni\u0107 over Dodik-zaak: \u201cGeen aanwijzingen voor schending van het strafprocesrecht\u201d\" sizes=\"auto, (max-width: 800px) 100vw, 800px\" data-s=\"https:\/\/nieuwe-nederlander.nl\/wp-content\/uploads\/2025\/07\/Foto-2.jpeg\" data-ss=\"https:\/\/nieuwe-nederlander.nl\/wp-content\/uploads\/2025\/07\/Foto-2.jpeg 800w, https:\/\/nieuwe-nederlander.nl\/wp-content\/uploads\/2025\/07\/Foto-2-400x267.jpeg 400w, https:\/\/nieuwe-nederlander.nl\/wp-content\/uploads\/2025\/07\/Foto-2-650x433.jpeg 650w, https:\/\/nieuwe-nederlander.nl\/wp-content\/uploads\/2025\/07\/Foto-2-250x167.jpeg 250w, https:\/\/nieuwe-nederlander.nl\/wp-content\/uploads\/2025\/07\/Foto-2-768x512.jpeg 768w, https:\/\/nieuwe-nederlander.nl\/wp-content\/uploads\/2025\/07\/Foto-2-150x100.jpeg 150w\" \/><\/a><div class=\"item-content\"><div class=\"bg item-labels\"><a href=\"https:\/\/nieuwe-nederlander.nl\/?cat=279\">Buitenland<\/a><\/div><h3 class=\"item-title\"><a href=\"https:\/\/nieuwe-nederlander.nl\/?p=3472\" title=\"Boguni\u0107 over Dodik-zaak: \u201cGeen aanwijzingen voor schending van het strafprocesrecht\u201d\">Boguni\u0107 over Dodik-zaak: \u201cGeen aanwijzingen voor schending van het strafprocesrecht\u201d<\/a><\/h3><div class=\"meta-items\"><a href=\"https:\/\/nieuwe-nederlander.nl\/?author=2\" target=\"_blank\" class=\"meta-item meta-item-author\"><i class=\"fa fa-pencil-square-o\"><\/i> <span>Nieuwe-Nederlander<\/span><\/a><a class=\"meta-item meta-item-comment-number\" href=\"https:\/\/nieuwe-nederlander.nl\/?p=3472#respond\"><i class=\"fa fa-comment-o\"><\/i> <span>0<\/span><\/a><a class=\"meta-item meta-item-date\" href=\"https:\/\/nieuwe-nederlander.nl\/?p=3472\"><i class=\"fa fa-clock-o\"><\/i> <span>juli 21, 2025<\/span><\/a><\/div><div class=\"item-sub\"><div class=\"item-snippet\">\r\n\r\nNieuwsredactie \u2013 Sarajevo\r\n\r\nDe voorzitter van de Hoge Raad voor de Rechtspraak en het Openbaar Ministerie van Bosni\u00eb en Herzegovina (VSTV), Sanin [...] <\/div><div class=\"item-readmore-wrapper\"><a class=\"item-readmore\" href=\"https:\/\/nieuwe-nederlander.nl\/?p=3472#more\">Read More<\/a><\/div><\/div><div class=\"clear\"><\/div><\/div><div class=\"clear\"><\/div><\/div><div  class=\"shad item item-7 than-0 than-1 than-2 than-3 than-4 than-5 than-6\"><a style=\"height: 200px\" href=\"https:\/\/nieuwe-nederlander.nl\/?p=3467\" class=\"thumbnail item-thumbnail\"><img loading=\"lazy\" decoding=\"async\" width=\"860\" height=\"533\" src=\"\" class=\"attachment-full size-full\" alt=\"De lange arm van Erdo\u011fan in Bosni\u00eb\" title=\"De lange arm van Erdo\u011fan in Bosni\u00eb\" sizes=\"auto, (max-width: 860px) 100vw, 860px\" data-s=\"https:\/\/nieuwe-nederlander.nl\/wp-content\/uploads\/2025\/07\/Foto-1.jpeg\" data-ss=\"https:\/\/nieuwe-nederlander.nl\/wp-content\/uploads\/2025\/07\/Foto-1.jpeg 860w, https:\/\/nieuwe-nederlander.nl\/wp-content\/uploads\/2025\/07\/Foto-1-400x248.jpeg 400w, https:\/\/nieuwe-nederlander.nl\/wp-content\/uploads\/2025\/07\/Foto-1-650x403.jpeg 650w, https:\/\/nieuwe-nederlander.nl\/wp-content\/uploads\/2025\/07\/Foto-1-250x155.jpeg 250w, https:\/\/nieuwe-nederlander.nl\/wp-content\/uploads\/2025\/07\/Foto-1-768x476.jpeg 768w, https:\/\/nieuwe-nederlander.nl\/wp-content\/uploads\/2025\/07\/Foto-1-150x93.jpeg 150w, https:\/\/nieuwe-nederlander.nl\/wp-content\/uploads\/2025\/07\/Foto-1-800x496.jpeg 800w\" \/><\/a><div class=\"item-content\"><div class=\"bg item-labels\"><a href=\"https:\/\/nieuwe-nederlander.nl\/?cat=279\">Buitenland<\/a><\/div><h3 class=\"item-title\"><a href=\"https:\/\/nieuwe-nederlander.nl\/?p=3467\" title=\"De lange arm van Erdo\u011fan in Bosni\u00eb\">De lange arm van Erdo\u011fan in Bosni\u00eb<\/a><\/h3><div class=\"meta-items\"><a href=\"https:\/\/nieuwe-nederlander.nl\/?author=2\" target=\"_blank\" class=\"meta-item meta-item-author\"><i class=\"fa fa-pencil-square-o\"><\/i> <span>Nieuwe-Nederlander<\/span><\/a><a class=\"meta-item meta-item-comment-number\" href=\"https:\/\/nieuwe-nederlander.nl\/?p=3467#respond\"><i class=\"fa fa-comment-o\"><\/i> <span>0<\/span><\/a><a class=\"meta-item meta-item-date\" href=\"https:\/\/nieuwe-nederlander.nl\/?p=3467\"><i class=\"fa fa-clock-o\"><\/i> <span>juli 21, 2025<\/span><\/a><\/div><div class=\"item-sub\"><div class=\"item-snippet\">\r\nNieuwsredactie \u2013 Bosni\u00eb en HerzegovinaBosni\u00eb en Herzegovina verkeert al geruime tijd in een politieke crisis. De spanningen liepen verder op in maar [...] <\/div><div class=\"item-readmore-wrapper\"><a class=\"item-readmore\" href=\"https:\/\/nieuwe-nederlander.nl\/?p=3467#more\">Read More<\/a><\/div><\/div><div class=\"clear\"><\/div><\/div><div class=\"clear\"><\/div><\/div><div  class=\"shad item item-8 item-two item-four than-0 than-1 than-2 than-3 than-4 than-5 than-6 than-7\"><a style=\"height: 200px\" href=\"https:\/\/nieuwe-nederlander.nl\/?p=3449\" class=\"thumbnail item-thumbnail\"><img loading=\"lazy\" decoding=\"async\" width=\"1722\" height=\"2048\" src=\"\" class=\"attachment-full size-full\" alt=\"Asjoere in de Kerk: Bruggen van Dialoog en Verbinding in Nederland\" title=\"Asjoere in de Kerk: Bruggen van Dialoog en Verbinding in Nederland\" sizes=\"auto, (max-width: 1722px) 100vw, 1722px\" data-s=\"https:\/\/nieuwe-nederlander.nl\/wp-content\/uploads\/2025\/07\/WhatsApp-Image-2025-07-13-at-12.43.27.jpeg\" data-ss=\"https:\/\/nieuwe-nederlander.nl\/wp-content\/uploads\/2025\/07\/WhatsApp-Image-2025-07-13-at-12.43.27.jpeg 1722w, https:\/\/nieuwe-nederlander.nl\/wp-content\/uploads\/2025\/07\/WhatsApp-Image-2025-07-13-at-12.43.27-400x476.jpeg 400w, https:\/\/nieuwe-nederlander.nl\/wp-content\/uploads\/2025\/07\/WhatsApp-Image-2025-07-13-at-12.43.27-650x773.jpeg 650w, https:\/\/nieuwe-nederlander.nl\/wp-content\/uploads\/2025\/07\/WhatsApp-Image-2025-07-13-at-12.43.27-250x297.jpeg 250w, https:\/\/nieuwe-nederlander.nl\/wp-content\/uploads\/2025\/07\/WhatsApp-Image-2025-07-13-at-12.43.27-768x913.jpeg 768w, https:\/\/nieuwe-nederlander.nl\/wp-content\/uploads\/2025\/07\/WhatsApp-Image-2025-07-13-at-12.43.27-1292x1536.jpeg 1292w, https:\/\/nieuwe-nederlander.nl\/wp-content\/uploads\/2025\/07\/WhatsApp-Image-2025-07-13-at-12.43.27-150x178.jpeg 150w, https:\/\/nieuwe-nederlander.nl\/wp-content\/uploads\/2025\/07\/WhatsApp-Image-2025-07-13-at-12.43.27-800x951.jpeg 800w, https:\/\/nieuwe-nederlander.nl\/wp-content\/uploads\/2025\/07\/WhatsApp-Image-2025-07-13-at-12.43.27-1200x1427.jpeg 1200w, https:\/\/nieuwe-nederlander.nl\/wp-content\/uploads\/2025\/07\/WhatsApp-Image-2025-07-13-at-12.43.27-1600x1903.jpeg 1600w\" \/><\/a><div class=\"item-content\"><div class=\"bg item-labels\"><a href=\"https:\/\/nieuwe-nederlander.nl\/?cat=278\">Binnenland<\/a><\/div><h3 class=\"item-title\"><a href=\"https:\/\/nieuwe-nederlander.nl\/?p=3449\" title=\"Asjoere in de Kerk: Bruggen van Dialoog en Verbinding in Nederland\">Asjoere in de Kerk: Bruggen van Dialoog en Verbinding in Nederland<\/a><\/h3><div class=\"meta-items\"><a href=\"https:\/\/nieuwe-nederlander.nl\/?author=2\" target=\"_blank\" class=\"meta-item meta-item-author\"><i class=\"fa fa-pencil-square-o\"><\/i> <span>Nieuwe-Nederlander<\/span><\/a><a class=\"meta-item meta-item-comment-number\" href=\"https:\/\/nieuwe-nederlander.nl\/?p=3449#respond\"><i class=\"fa fa-comment-o\"><\/i> <span>0<\/span><\/a><a class=\"meta-item meta-item-date\" href=\"https:\/\/nieuwe-nederlander.nl\/?p=3449\"><i class=\"fa fa-clock-o\"><\/i> <span>juli 14, 2025<\/span><\/a><\/div><div class=\"item-sub\"><div class=\"item-snippet\">Asjoere in de Kerk: Bruggen van Dialoog en Verbinding in Nederland\r\n\r\n\r\n\r\nIn het Noord-Hollandse Krommenie kwamen mensen van verschillende geloven sam [...] <\/div><div class=\"item-readmore-wrapper\"><a class=\"item-readmore\" href=\"https:\/\/nieuwe-nederlander.nl\/?p=3449#more\">Read More<\/a><\/div><\/div><div class=\"clear\"><\/div><\/div><div class=\"clear\"><\/div><\/div><div  class=\"shad item item-9 item-three than-0 than-1 than-2 than-3 than-4 than-5 than-6 than-7 than-8\"><a style=\"height: 200px\" href=\"https:\/\/nieuwe-nederlander.nl\/?p=3434\" class=\"thumbnail item-thumbnail\"><img loading=\"lazy\" decoding=\"async\" width=\"1600\" height=\"900\" src=\"\" class=\"attachment-full size-full\" alt=\"Afgestudeerden vieren mijlpaal bij Sophia Academy: Derde afstudeerceremonie met studenten uit 50 landen afgerond\" title=\"Afgestudeerden vieren mijlpaal bij Sophia Academy: Derde afstudeerceremonie met studenten uit 50 landen afgerond\" sizes=\"auto, (max-width: 1600px) 100vw, 1600px\" data-s=\"https:\/\/nieuwe-nederlander.nl\/wp-content\/uploads\/2025\/06\/WhatsApp-Image-2025-06-16-at-20.50.10.jpeg\" data-ss=\"https:\/\/nieuwe-nederlander.nl\/wp-content\/uploads\/2025\/06\/WhatsApp-Image-2025-06-16-at-20.50.10.jpeg 1600w, https:\/\/nieuwe-nederlander.nl\/wp-content\/uploads\/2025\/06\/WhatsApp-Image-2025-06-16-at-20.50.10-400x225.jpeg 400w, https:\/\/nieuwe-nederlander.nl\/wp-content\/uploads\/2025\/06\/WhatsApp-Image-2025-06-16-at-20.50.10-650x366.jpeg 650w, https:\/\/nieuwe-nederlander.nl\/wp-content\/uploads\/2025\/06\/WhatsApp-Image-2025-06-16-at-20.50.10-250x141.jpeg 250w, https:\/\/nieuwe-nederlander.nl\/wp-content\/uploads\/2025\/06\/WhatsApp-Image-2025-06-16-at-20.50.10-768x432.jpeg 768w, https:\/\/nieuwe-nederlander.nl\/wp-content\/uploads\/2025\/06\/WhatsApp-Image-2025-06-16-at-20.50.10-1536x864.jpeg 1536w, https:\/\/nieuwe-nederlander.nl\/wp-content\/uploads\/2025\/06\/WhatsApp-Image-2025-06-16-at-20.50.10-150x84.jpeg 150w, https:\/\/nieuwe-nederlander.nl\/wp-content\/uploads\/2025\/06\/WhatsApp-Image-2025-06-16-at-20.50.10-800x450.jpeg 800w, https:\/\/nieuwe-nederlander.nl\/wp-content\/uploads\/2025\/06\/WhatsApp-Image-2025-06-16-at-20.50.10-1200x675.jpeg 1200w\" \/><\/a><div class=\"item-content\"><div class=\"bg item-labels\"><a href=\"https:\/\/nieuwe-nederlander.nl\/?cat=278\">Binnenland<\/a><\/div><h3 class=\"item-title\"><a href=\"https:\/\/nieuwe-nederlander.nl\/?p=3434\" title=\"Afgestudeerden vieren mijlpaal bij Sophia Academy: Derde afstudeerceremonie met studenten uit 50 landen afgerond\">Afgestudeerden vieren mijlpaal bij Sophia Academy: Derde afstudeerceremonie met studenten uit 50 landen afgerond<\/a><\/h3><div class=\"meta-items\"><a href=\"https:\/\/nieuwe-nederlander.nl\/?author=2\" target=\"_blank\" class=\"meta-item meta-item-author\"><i class=\"fa fa-pencil-square-o\"><\/i> <span>Nieuwe-Nederlander<\/span><\/a><a class=\"meta-item meta-item-comment-number\" href=\"https:\/\/nieuwe-nederlander.nl\/?p=3434#respond\"><i class=\"fa fa-comment-o\"><\/i> <span>0<\/span><\/a><a class=\"meta-item meta-item-date\" href=\"https:\/\/nieuwe-nederlander.nl\/?p=3434\"><i class=\"fa fa-clock-o\"><\/i> <span>juni 16, 2025<\/span><\/a><\/div><div class=\"item-sub\"><div class=\"item-snippet\">Afgestudeerden vieren mijlpaal bij Sophia Academy: Derde afstudeerceremonie met studenten uit 50 landen afgerond\r\n\r\n\r\n\r\nBASR\u0130 DO\u011eAN | AMSTERDAM\r\n\r\nSop [...] <\/div><div class=\"item-readmore-wrapper\"><a class=\"item-readmore\" href=\"https:\/\/nieuwe-nederlander.nl\/?p=3434#more\">Read More<\/a><\/div><\/div><div class=\"clear\"><\/div><\/div><div class=\"clear\"><\/div><\/div><\/div><div class=\"clear\"><\/div><div class=\"clear\"><\/div><div class=\"feed-widget-pagination feed-widget-pagination-number\" data-widget_id=\"Label2\" data-type=\"blogging\"><\/div><div class=\"clear\"><\/div><\/div><div class=\"clear\"><\/div><\/div><\/div>\n","protected":false},"excerpt":{"rendered":"","protected":false},"author":2,"featured_media":0,"parent":0,"menu_order":0,"comment_status":"closed","ping_status":"closed","template":"","meta":{"footnotes":""},"class_list":["post-926","page","type-page","status-publish","hentry"],"_links":{"self":[{"href":"https:\/\/nieuwe-nederlander.nl\/index.php?rest_route=\/wp\/v2\/pages\/926","targetHints":{"allow":["GET"]}}],"collection":[{"href":"https:\/\/nieuwe-nederlander.nl\/index.php?rest_route=\/wp\/v2\/pages"}],"about":[{"href":"https:\/\/nieuwe-nederlander.nl\/index.php?rest_route=\/wp\/v2\/types\/page"}],"author":[{"embeddable":true,"href":"https:\/\/nieuwe-nederlander.nl\/index.php?rest_route=\/wp\/v2\/users\/2"}],"replies":[{"embeddable":true,"href":"https:\/\/nieuwe-nederlander.nl\/index.php?rest_route=%2Fwp%2Fv2%2Fcomments&post=926"}],"version-history":[{"count":4,"href":"https:\/\/nieuwe-nederlander.nl\/index.php?rest_route=\/wp\/v2\/pages\/926\/revisions"}],"predecessor-version":[{"id":2217,"href":"https:\/\/nieuwe-nederlander.nl\/index.php?rest_route=\/wp\/v2\/pages\/926\/revisions\/2217"}],"wp:attachment":[{"href":"https:\/\/nieuwe-nederlander.nl\/index.php?rest_route=%2Fwp%2Fv2%2Fmedia&parent=926"}],"curies":[{"name":"wp","href":"https:\/\/api.w.org\/{rel}","templated":true}]}}